{"id":2153,"date":"2018-07-03T18:33:49","date_gmt":"2018-07-03T16:33:49","guid":{"rendered":"http:\/\/wp.vsg-1880-offenbach.de\/?page_id=2153"},"modified":"2025-09-14T16:35:52","modified_gmt":"2025-09-14T14:35:52","slug":"ligahistorie-1-mannschaft","status":"publish","type":"page","link":"https:\/\/wp.vsg-1880-offenbach.de\/?page_id=2153","title":{"rendered":"Ligahistorie 1. Mannschaft"},"content":{"rendered":"<p>\u00dcber die Links sind die Tabellen und Spielergebnisse der vergangenen Saisons abrufbar:<\/p>\n<ul>\n<li><a href=\"https:\/\/hsv-schach.liga.nu\/cgi-bin\/WebObjects\/nuLigaSCHACHDE.woa\/wa\/groupPage?championship=Hessen+25%2F26&amp;group=4367\">Verbandsliga Nord 2025\/26<\/a><br \/>\n<img loading=\"lazy\" decoding=\"async\" class=\"alignnone size-medium wp-image-14302\" src=\"https:\/\/wp.vsg-1880-offenbach.de\/wp-content\/uploads\/2025\/09\/VSGO-1-Saison-25-26-Stefan-Kyriakos-Frank-Rosalie-Florin-Michael-Torsten-300x200.jpg\" alt=\"\" width=\"300\" height=\"200\" srcset=\"https:\/\/wp.vsg-1880-offenbach.de\/wp-content\/uploads\/2025\/09\/VSGO-1-Saison-25-26-Stefan-Kyriakos-Frank-Rosalie-Florin-Michael-Torsten-300x200.jpg 300w, https:\/\/wp.vsg-1880-offenbach.de\/wp-content\/uploads\/2025\/09\/VSGO-1-Saison-25-26-Stefan-Kyriakos-Frank-Rosalie-Florin-Michael-Torsten-1024x683.jpg 1024w, https:\/\/wp.vsg-1880-offenbach.de\/wp-content\/uploads\/2025\/09\/VSGO-1-Saison-25-26-Stefan-Kyriakos-Frank-Rosalie-Florin-Michael-Torsten-768x512.jpg 768w, https:\/\/wp.vsg-1880-offenbach.de\/wp-content\/uploads\/2025\/09\/VSGO-1-Saison-25-26-Stefan-Kyriakos-Frank-Rosalie-Florin-Michael-Torsten-1536x1024.jpg 1536w, https:\/\/wp.vsg-1880-offenbach.de\/wp-content\/uploads\/2025\/09\/VSGO-1-Saison-25-26-Stefan-Kyriakos-Frank-Rosalie-Florin-Michael-Torsten-2048x1365.jpg 2048w\" sizes=\"auto, (max-width: 300px) 100vw, 300px\" \/><br \/>\nUnsere erste Mannschaft spielt in der Saison 2025\/26\u00a0 in der Verbandsliga Nord, der f\u00fcnfth\u00f6chsten deutschen Spielklasse. Es kommt zu einer deutlichen Verj\u00fcngung der Mannschaft. Das Foto zeigt die Mannschaft am 14.9.25 zum Saisonauftakt gegen den SC Bad Nauheim 1 (v.l.n.r.: Stefan, Kyriakos, Frank, Rosalie, Florin, Michael und Thorsten).<\/li>\n<li><a href=\"https:\/\/hsv-schach.liga.nu\/cgi-bin\/WebObjects\/nuLigaSCHACHDE.woa\/wa\/groupPage?championship=Hessen+24%2F25&amp;group=681\">Verbandsliga S\u00fcd 2024\/25<\/a><br \/>\n<img loading=\"lazy\" decoding=\"async\" class=\"alignnone size-medium wp-image-13712\" src=\"https:\/\/wp.vsg-1880-offenbach.de\/wp-content\/uploads\/2025\/03\/VSGO-I-Sasion-24-25-Jakel-Stadtmueller-Braig-Trumpp-Hoehn-Derr-Poetsch-Werner-300x225.jpg\" alt=\"\" width=\"300\" height=\"225\" srcset=\"https:\/\/wp.vsg-1880-offenbach.de\/wp-content\/uploads\/2025\/03\/VSGO-I-Sasion-24-25-Jakel-Stadtmueller-Braig-Trumpp-Hoehn-Derr-Poetsch-Werner-300x225.jpg 300w, https:\/\/wp.vsg-1880-offenbach.de\/wp-content\/uploads\/2025\/03\/VSGO-I-Sasion-24-25-Jakel-Stadtmueller-Braig-Trumpp-Hoehn-Derr-Poetsch-Werner-1024x768.jpg 1024w, https:\/\/wp.vsg-1880-offenbach.de\/wp-content\/uploads\/2025\/03\/VSGO-I-Sasion-24-25-Jakel-Stadtmueller-Braig-Trumpp-Hoehn-Derr-Poetsch-Werner-768x576.jpg 768w, https:\/\/wp.vsg-1880-offenbach.de\/wp-content\/uploads\/2025\/03\/VSGO-I-Sasion-24-25-Jakel-Stadtmueller-Braig-Trumpp-Hoehn-Derr-Poetsch-Werner-1536x1152.jpg 1536w, https:\/\/wp.vsg-1880-offenbach.de\/wp-content\/uploads\/2025\/03\/VSGO-I-Sasion-24-25-Jakel-Stadtmueller-Braig-Trumpp-Hoehn-Derr-Poetsch-Werner-2048x1536.jpg 2048w\" sizes=\"auto, (max-width: 300px) 100vw, 300px\" \/><br \/>\nNach dem Abstieg in die Verbandsliga S\u00fcd sollte die Saison 2024\/25 wieder erfolgreicher verlaufen. Mit Platz 4 gelang dies auch nachdr\u00fccklich. Das Foto zeigt die Mannschaft am 30.3.25 beim Heimspiel gegen Matt im Park\u00a0 (v.l.n.r. Wolfgang, Harald, Frank, Lothar, Michael, Oleg, Leonore und Florin).<\/li>\n<li><a href=\"https:\/\/hessen.portal64.de\/ergebnisse\/show\/2023\/1455\/tabelle\/\">Hessenliga 2023\/24<\/a><br \/>\n<img loading=\"lazy\" decoding=\"async\" class=\"wp-image-12558 size-medium alignnone\" src=\"https:\/\/wp.vsg-1880-offenbach.de\/wp-content\/uploads\/2024\/04\/VSGO-I-am-24-4-24-Heimspiel-Wiesbaden-300x225.jpg\" alt=\"\" width=\"300\" height=\"225\" srcset=\"https:\/\/wp.vsg-1880-offenbach.de\/wp-content\/uploads\/2024\/04\/VSGO-I-am-24-4-24-Heimspiel-Wiesbaden-300x225.jpg 300w, https:\/\/wp.vsg-1880-offenbach.de\/wp-content\/uploads\/2024\/04\/VSGO-I-am-24-4-24-Heimspiel-Wiesbaden-1024x768.jpg 1024w, https:\/\/wp.vsg-1880-offenbach.de\/wp-content\/uploads\/2024\/04\/VSGO-I-am-24-4-24-Heimspiel-Wiesbaden-768x576.jpg 768w, https:\/\/wp.vsg-1880-offenbach.de\/wp-content\/uploads\/2024\/04\/VSGO-I-am-24-4-24-Heimspiel-Wiesbaden-1536x1152.jpg 1536w, https:\/\/wp.vsg-1880-offenbach.de\/wp-content\/uploads\/2024\/04\/VSGO-I-am-24-4-24-Heimspiel-Wiesbaden-2048x1536.jpg 2048w\" sizes=\"auto, (max-width: 300px) 100vw, 300px\" \/><br \/>\nAuch die Saison 2023\/24 sollte wieder erfolgreich in der Hessenliga gestaltet werden. Leider gelang dies nicht ganz und der Abstieg in die Verbandsliga war die Folge. Das Foto zeigt die Mannschaft am 21.4.24 beim letzten Heimspiel der Saison gegen Wiesbaden\u00a0 (v.l.n.r. Thorsten, Frank, Harald, Wolfgang, Matthias, Kubat, Hans-J\u00f6rg, Lothar und Michael).<\/li>\n<li><a href=\"https:\/\/hessen.portal64.de\/ergebnisse\/show\/2022\/1363\/\">Hessenliga 2022\/23<\/a><br \/>\n<img loading=\"lazy\" decoding=\"async\" class=\"alignnone size-medium wp-image-10216\" src=\"http:\/\/wp.vsg-1880-offenbach.de\/wp-content\/uploads\/2022\/09\/20220925_140029-300x225.jpg\" alt=\"\" width=\"300\" height=\"225\" srcset=\"https:\/\/wp.vsg-1880-offenbach.de\/wp-content\/uploads\/2022\/09\/20220925_140029-300x225.jpg 300w, https:\/\/wp.vsg-1880-offenbach.de\/wp-content\/uploads\/2022\/09\/20220925_140029-1024x768.jpg 1024w, https:\/\/wp.vsg-1880-offenbach.de\/wp-content\/uploads\/2022\/09\/20220925_140029-768x576.jpg 768w, https:\/\/wp.vsg-1880-offenbach.de\/wp-content\/uploads\/2022\/09\/20220925_140029-1536x1152.jpg 1536w, https:\/\/wp.vsg-1880-offenbach.de\/wp-content\/uploads\/2022\/09\/20220925_140029-2048x1536.jpg 2048w\" sizes=\"auto, (max-width: 300px) 100vw, 300px\" \/><br \/>\nNach dem souver\u00e4nen Klassenerhalt in der Vorsaison geht die Mannschaft auch in der Saison 2022\/23 wieder in der Hessenliga auf Punktejagd.Das Foto zeigt die Mannschaft am 25.9.22 zur 2. Runde gegen die SVG 1934 Eppstein 1\u00a0 (v.l.n.r. Ulrich, Thorsten, Holger, Wolfgang, Tom, Hans-J\u00f6rg und Domagoj, Dmitri fehlt).<\/li>\n<\/ul>\n<ul>\n<li><a href=\"https:\/\/hessen.portal64.de\/ergebnisse\/show\/2021\/1283\/\">Hessenliga 2021\/22<\/a><br \/>\n<img loading=\"lazy\" decoding=\"async\" class=\"alignnone size-medium wp-image-8866\" src=\"http:\/\/wp.vsg-1880-offenbach.de\/wp-content\/uploads\/2021\/11\/1.-Mannschaft-VSG-Offenbach-2021-22-vlnr-Jakel-Werner-Mueller-Sandten-Theuer-Goreacinic-Trumpp-300x200.jpg\" alt=\"\" width=\"300\" height=\"200\" srcset=\"https:\/\/wp.vsg-1880-offenbach.de\/wp-content\/uploads\/2021\/11\/1.-Mannschaft-VSG-Offenbach-2021-22-vlnr-Jakel-Werner-Mueller-Sandten-Theuer-Goreacinic-Trumpp-300x200.jpg 300w, https:\/\/wp.vsg-1880-offenbach.de\/wp-content\/uploads\/2021\/11\/1.-Mannschaft-VSG-Offenbach-2021-22-vlnr-Jakel-Werner-Mueller-Sandten-Theuer-Goreacinic-Trumpp-1024x683.jpg 1024w, https:\/\/wp.vsg-1880-offenbach.de\/wp-content\/uploads\/2021\/11\/1.-Mannschaft-VSG-Offenbach-2021-22-vlnr-Jakel-Werner-Mueller-Sandten-Theuer-Goreacinic-Trumpp-768x512.jpg 768w, https:\/\/wp.vsg-1880-offenbach.de\/wp-content\/uploads\/2021\/11\/1.-Mannschaft-VSG-Offenbach-2021-22-vlnr-Jakel-Werner-Mueller-Sandten-Theuer-Goreacinic-Trumpp-1536x1024.jpg 1536w, https:\/\/wp.vsg-1880-offenbach.de\/wp-content\/uploads\/2021\/11\/1.-Mannschaft-VSG-Offenbach-2021-22-vlnr-Jakel-Werner-Mueller-Sandten-Theuer-Goreacinic-Trumpp-2048x1365.jpg 2048w\" sizes=\"auto, (max-width: 300px) 100vw, 300px\" \/><br \/>\nUnsere erste Mannschaft spielt in der Saison 2021\/22 in der Hessenliga, der vierth\u00f6chsten deutschen Spielklasse. Das Foto zeigt die Mannschaft am 7.11.2021 zur zweiten Runde gegen den SC Neuberg II (v.l.n.r. Wolfgang, Rosalie, Thorsten, Ulrich, Carsten, Dmitri und Lothar).<\/li>\n<\/ul>\n<ul>\n<li><a href=\"https:\/\/hessen.portal64.de\/ergebnisse\/show\/2019\/1141\/\" target=\"_blank\" rel=\"noopener noreferrer\">Verbandsliga S\u00fcd 2019\/21<\/a><br \/>\nAufgrund der Coronasituation wurde die Saison 2019\/20 auf zwei Jahre zur Saison 2019\/21 ausgedehnt. Nach der Wiederaufnahme des Spielbetriebs im September 2021 wurde nach einem Doppelsieg der sensationelle 2. Platz belegt, der zu einem <a href=\"https:\/\/hessen.portal64.de\/ergebnisse\/show\/2021\/1267\/runde\/1\/\">Aufstiegs-Play-Off<\/a> gegen Niederbrechen berechtigte. Da dieses mit 4,5:3,5 erfolgreich ausging stand am Ende der Saison v\u00f6llig unerwartet der (Wieder-) Aufstieg in die Hessenliga fest.<\/p>\n<p><div id=\"attachment_5562\" style=\"width: 310px\" class=\"wp-caption alignnone\"><img loading=\"lazy\" decoding=\"async\" aria-describedby=\"caption-attachment-5562\" class=\"size-medium wp-image-5562\" src=\"http:\/\/wp.vsg-1880-offenbach.de\/wp-content\/uploads\/2019\/09\/VSGO-I-September-2019-300x132.jpeg\" alt=\"\" width=\"300\" height=\"132\" srcset=\"https:\/\/wp.vsg-1880-offenbach.de\/wp-content\/uploads\/2019\/09\/VSGO-I-September-2019-300x132.jpeg 300w, https:\/\/wp.vsg-1880-offenbach.de\/wp-content\/uploads\/2019\/09\/VSGO-I-September-2019-768x338.jpeg 768w, https:\/\/wp.vsg-1880-offenbach.de\/wp-content\/uploads\/2019\/09\/VSGO-I-September-2019-1024x451.jpeg 1024w, https:\/\/wp.vsg-1880-offenbach.de\/wp-content\/uploads\/2019\/09\/VSGO-I-September-2019.jpeg 1629w\" sizes=\"auto, (max-width: 300px) 100vw, 300px\" \/><p id=\"caption-attachment-5562\" class=\"wp-caption-text\">Saisonauftakt gegen den SC Ladja Ro\u00dfdorf 1 v.l.n.r. Antonio, Thorsten, Dominik, Peter, Michael, Lothar, Dmitri und Hans-J\u00f6rg<\/p><\/div><\/li>\n<li><a href=\"https:\/\/hessen.portal64.de\/ergebnisse\/show\/2018\/961\/\" target=\"_blank\" rel=\"noopener noreferrer\">Verbandsliga S\u00fcd 2018\/19<\/a>\n<p><div id=\"attachment_3364\" style=\"width: 310px\" class=\"wp-caption alignnone\"><img loading=\"lazy\" decoding=\"async\" aria-describedby=\"caption-attachment-3364\" class=\"size-medium wp-image-3364\" src=\"http:\/\/wp.vsg-1880-offenbach.de\/wp-content\/uploads\/2018\/09\/20180923-VSGO-I-Holger-Roosen-FM-Hans-J\u00f6rg-Cordes-Wolfgang-Jakel-Michael-H\u00f6hn-Thorsten-Mueller-FM-Dmitri-Goreacinic-Lothar-Trumpp-und-Ulrich-Sandten-300x200.jpg\" alt=\"\" width=\"300\" height=\"200\" \/><p id=\"caption-attachment-3364\" class=\"wp-caption-text\">Saisonauftakt gegen den SK Gernsheim 2 v.l.n.r. Holger Roosen, FM Hans-J\u00f6rg Cordes, Wolfgang Jakel, Michael H\u00f6hn, Thorsten Mueller, FM Dmitri Goreacinic, Lothar Trumpp und Ulrich Sandten<\/p><\/div><\/li>\n<li><a href=\"https:\/\/hessen.portal64.de\/ergebnisse\/show\/2017\/791\/\">Hessenliga 2017\/18<\/a><\/li>\n<li><a href=\"https:\/\/hessen.portal64.de\/ergebnisse\/show\/2016\/621\/\">Hessenliga 2016\/17<\/a><\/li>\n<li><a href=\"https:\/\/hessen.portal64.de\/ergebnisse\/show\/2015\/475\/\">Hessenliga 2015\/16<\/a><\/li>\n<li><a href=\"https:\/\/hessen.portal64.de\/ergebnisse\/show\/2014\/387\/\">Hessenliga 2014\/15<\/a><\/li>\n<li><a href=\"https:\/\/www.schachbund.de\/SchachBL\/saison2013-14\/bedh.php?liga=olob\">Oberliga Ost B 2013\/14<\/a><\/li>\n<li><a href=\"https:\/\/www.schachbund.de\/SchachBL\/saison2012-13\/bedh.php?liga=olob\">Oberliga Ost B 2012\/13<\/a><\/li>\n<li><a href=\"https:\/\/www.schachbund.de\/SchachBL\/saison2011-12\/bedh.php?liga=olob\">Oberliga Ost B 2011\/12<\/a><\/li>\n<li><a href=\"https:\/\/www.schachbund.de\/SchachBL\/saison2010-11\/bedh.php?liga=olob\">Oberliga Ost B 2010\/11<\/a><\/li>\n<li><a href=\"https:\/\/www.schachbund.de\/SchachBL\/saison2009-10\/bedh.php?liga=olob\">Oberliga Ost B 2009\/10<\/a><\/li>\n<li><a href=\"https:\/\/www.schachbund.de\/SchachBL\/saison2008-9\/bedh.php?liga=olob\">Oberliga Ost B 2008\/09<\/a><\/li>\n<li><a href=\"https:\/\/www.schachbund.de\/SchachBL\/saison2007-8\/bedh.php?liga=olob\">Oberliga Ost B 2007\/08<\/a><\/li>\n<li><a href=\"https:\/\/www.schachbund.de\/SchachBL\/saison2006-7\/bedh.php?liga=olob\">Oberliga Ost B 2006\/07<\/a><\/li>\n<li><a href=\"https:\/\/www.schachbund.de\/SchachBL\/saison2005-6\/bedh.php?liga=olob\">Oberliga Ost B 2005\/06<\/a><\/li>\n<li><a href=\"https:\/\/www.schachbund.de\/SchachBL\/saison2004-5\/bedh.php?liga=olob\">Oberliga Ost B 2004\/05<\/a><\/li>\n<li><a href=\"https:\/\/www.schachbund.de\/SchachBL\/saison2003-4\/bedh.php?liga=olob\">Oberliga Ost B 2003\/04<\/a><\/li>\n<\/ul>\n<p>Views: 1315<\/p>","protected":false},"excerpt":{"rendered":"<p>\u00dcber die Links sind die Tabellen und Spielergebnisse der vergangenen Saisons abrufbar: Verbandsliga Nord 2025\/26 Unsere erste Mannschaft spielt in der Saison 2025\/26\u00a0 in der Verbandsliga Nord, der f\u00fcnfth\u00f6chsten deutschen Spielklasse. Es kommt zu einer deutlichen Verj\u00fcngung der Mannschaft. Das Foto zeigt die Mannschaft am 14.9.25 zum Saisonauftakt gegen den SC Bad Nauheim 1 (v.l.n.r.: <a class=\"more-link\" href=\"https:\/\/wp.vsg-1880-offenbach.de\/?page_id=2153\">weiterlesen&#8230;<\/a><\/p>\n","protected":false},"author":3,"featured_media":0,"parent":371,"menu_order":2,"comment_status":"closed","ping_status":"closed","template":"","meta":{"footnotes":""},"class_list":["post-2153","page","type-page","status-publish","hentry"],"_links":{"self":[{"href":"https:\/\/wp.vsg-1880-offenbach.de\/index.php?rest_route=\/wp\/v2\/pages\/2153","targetHints":{"allow":["GET"]}}],"collection":[{"href":"https:\/\/wp.vsg-1880-offenbach.de\/index.php?rest_route=\/wp\/v2\/pages"}],"about":[{"href":"https:\/\/wp.vsg-1880-offenbach.de\/index.php?rest_route=\/wp\/v2\/types\/page"}],"author":[{"embeddable":true,"href":"https:\/\/wp.vsg-1880-offenbach.de\/index.php?rest_route=\/wp\/v2\/users\/3"}],"replies":[{"embeddable":true,"href":"https:\/\/wp.vsg-1880-offenbach.de\/index.php?rest_route=%2Fwp%2Fv2%2Fcomments&post=2153"}],"version-history":[{"count":21,"href":"https:\/\/wp.vsg-1880-offenbach.de\/index.php?rest_route=\/wp\/v2\/pages\/2153\/revisions"}],"predecessor-version":[{"id":14310,"href":"https:\/\/wp.vsg-1880-offenbach.de\/index.php?rest_route=\/wp\/v2\/pages\/2153\/revisions\/14310"}],"up":[{"embeddable":true,"href":"https:\/\/wp.vsg-1880-offenbach.de\/index.php?rest_route=\/wp\/v2\/pages\/371"}],"wp:attachment":[{"href":"https:\/\/wp.vsg-1880-offenbach.de\/index.php?rest_route=%2Fwp%2Fv2%2Fmedia&parent=2153"}],"curies":[{"name":"wp","href":"https:\/\/api.w.org\/{rel}","templated":true}]}}